{"id":253,"date":"2011-09-25T13:44:59","date_gmt":"2011-09-25T13:44:59","guid":{"rendered":"http:\/\/hastskoteatern.se\/test\/?page_id=253"},"modified":"2025-12-29T09:06:23","modified_gmt":"2025-12-29T09:06:23","slug":"tidigare-spelplatser","status":"publish","type":"page","link":"http:\/\/hastskoteatern.se\/?page_id=253","title":{"rendered":"Tidigare spelplatser"},"content":{"rendered":"<p><strong><a href=\"http:\/\/hastskoteatern.se\/test\/wp-content\/uploads\/2011\/09\/hastsko2-150x150121.gif\"><img decoding=\"async\" loading=\"lazy\" class=\"size-full wp-image-535 alignnone\" title=\"hastsko2-150x15012\" src=\"http:\/\/hastskoteatern.se\/test\/wp-content\/uploads\/2011\/09\/hastsko2-150x150121.gif\" alt=\"\" width=\"141\" height=\"139\" \/><\/a><\/strong><\/p>\n<p><strong><em>SPELNINGAR 2025<\/em><\/strong><\/p>\n<p>7\/6 Vindelns V\u00e5rmarknad &#8221;Minitivoli&#8221;<\/p>\n<p>28\/6 Asp\u00e5s byalag &#8221;Minitivoli&#8221;<\/p>\n<p><em><strong>\u00a0SPELNINGAR 2024<\/strong><\/em><\/p>\n<p>1\/6\u00a0 Vindelns V\u00e5rmarknad\u00a0 \u00a0 \u00a0\u201dMinitivoli\u201d<\/p>\n<p>16\/6\u00a0 Asp\u00e5s byalag\u00a0 \u00a0 \u00a0 \u00a0\u201dMinitivoli\u201d<\/p>\n<p>25\/6\u00a0 Svegs Hembygdsf\u00f6rening\u00a0 \u00a0 \u201dMinitivoli\u201d<\/p>\n<p>15\/8\u00a0 Mal\u00e5 Hembygdsf\u00f6rening\u00a0 \u00a0 \u00a0 \u00a0 \u00a0 \u201dMinitivoli\u201d<\/p>\n<p>17\/8\u00a0 Pettsson och Findus 40 \u00e5r, i samarbete med Dorotea Bibliotek<\/p>\n<p><em><strong>SPELNINGAR 2023<\/strong><\/em><\/p>\n<p>4\/2\u00a0 \u00a0 \u00a0MB Dorotea\u00a0 &#8221;Tjopp och hennes v\u00e4nner&#8221;<\/p>\n<p>3\/6\u00a0 \u00a0 \u00a0V\u00e5rmarknad i Vindeln &#8221;Minitivoli&#8221;<\/p>\n<p>5\/8\u00a0 \u00a0 \u00a0 Familjedag i Lajksj\u00f6\u00a0 &#8221;Tjopp och hennes v\u00e4nner&#8221;<\/p>\n<p>13\/8\u00a0 \u00a0 \u00a0Revsunds hembygdsf\u00f6rening &#8221;Nybyggarna Erik o Ester i lappskatteland&#8221;<\/p>\n<p><em><strong>SPELNINGAR 2022<\/strong><\/em><\/p>\n<p>12\/2\u00a0 \u00a0Arkenbiblioteket \u00d6rnsk\u00f6ldsvik\u00a0 \u00a0 &#8221;Tjopp och hennes v\u00e4nner&#8221;<\/p>\n<p>4\/6\u00a0 \u00a0 \u00a0V\u00e5rmarknad i Vindeln\u00a0 &#8221;Minitivoli&#8221;<\/p>\n<p>20\/8\u00a0 \u00a0Vindeln\u00a0 &#8221;Nybyggarna Erik och Ester i lappskatteland&#8221;<\/p>\n<p>29\/9\u00a0 \u00a0Liden kyrka\u00a0 &#8221;Vitterhistorier, s\u00e5ng och spelgl\u00e4dje&#8221;<\/p>\n<p><em><strong>SPELNINGAR 2021<\/strong><\/em><\/p>\n<p>21\/8\u00a0 Gran\u00f6\u00a0 \u00a0 \u00a0 \u00a0 \u00a0&#8221;Vitterhistorier, s\u00e5ng och spelgl\u00e4dje&#8221;<\/p>\n<p>22\/8\u00a0 Gran\u00f6\u00a0 \u00a0 \u00a0 \u00a0 \u00a0&#8221;Nybyggarna Erik och Ester i lappskatteland&#8221;<\/p>\n<p>28\/9\u00a0 Str\u00f6msund\u00a0 \u00a0&#8221;Nybyggarna Erik och Ester i lappskatteland&#8221;<\/p>\n<p><em><strong>\u00a0SPELNINGAR 2020<\/strong><\/em><\/p>\n<p>4\/1 Speltr\u00e4ff Hotell Dorotea\u00a0 \u00a0 \u00a0 \u00a0 \u00a0 \u00a0 \u00a0 \u00a0 Folkvisor<\/p>\n<p>8\/2 Vernissage med C\u00e1fe Kramfors<\/p>\n<p>24\/3 Inst\u00e4lld. SPF Str\u00f6msund\u00a0 \u201dNybyggarna Erik o Ester i lappskatteland\u201d<\/p>\n<p>9\/5 Inst\u00e4lld. Vernissage med Caf\u00e9 Kramfors<\/p>\n<p>19\/6 Inst\u00e4lld. Dorotea Hembygdsg\u00e5rd, Kullerbacken. Midsommarfirande<\/p>\n<p>30\/6 Inst\u00e4lld. Kax\u00e5s Bygdef\u00f6rening\u00a0 \u201dMelodier vi minns \u2013 Alls\u00e5ng\u201d<\/p>\n<p>25\/7 Privat f\u00f6delsedagsfest<\/p>\n<p><em><strong>SPELNINGAR 2019<\/strong><\/em><\/p>\n<p>5\/1 Speltr\u00e4ff Hotell Dorotea\u00a0 \u00a0 \u00a0 \u00a0 \u00a0 \u00a0 \u00a0 \u00a0 Folkvisor<\/p>\n<p>2\/2 Vernissage med C\u00e1fe Kramfors<\/p>\n<p>9\/2 Folkets Hus, Hoting\u00a0\u00a0\u00a0\u00a0\u00a0\u00a0\u00a0\u00a0\u00a0\u00a0\u00a0\u00a0\u00a0\u00a0\u00a0\u00a0\u00a0\u00a0\u00a0\u00a0\u00a0 Melodier vi minns<\/p>\n<p>27\/3 N\u00e4s\u00e5ker Lissg\u00e5rden\u00a0\u00a0\u00e4ldreboende\u00a0 Melodier vi minns<\/p>\n<p>11\/5 Vernissage med C\u00e1fe kramfors<\/p>\n<p>21\/6 Dorotea Hembygdsg\u00e5rd, Kullerbacken. Midsommarfirande<\/p>\n<p>4\/7 R\u00e4tans Hembygdsf\u00f6rening\u00a0\u00a0\u00a0\u00a0\u00a0\u00a0\u00a0\u00a0\u00a0\u00a0\u00a0Melodier vi minns<\/p>\n<p>5\/7 Ljusdals Bygdeg\u00e5rdsf\u00f6rening\u00a0\u00a0\u00a0\u00a0\u00a0\u00a0 Folkk\u00e4ra visor och gamla skillingtryck<\/p>\n<p>10\/8 R\u00e4tans Hembygdsf\u00f6rening\u00a0\u00a0\u00a0\u00a0\u00a0\u00a0\u00a0\u00a0Nybyggarna Erik o Ester i lappskatteland<\/p>\n<p>12\/9 PRO Skelleftehamn\u00a0\u00a0\u00a0\u00a0\u00a0\u00a0\u00a0\u00a0\u00a0\u00a0\u00a0\u00a0\u00a0\u00a0\u00a0\u00a0\u00a0\u00a0\u00a0 Vitterhistorier, S\u00e5ng o Spelgl\u00e4dje<\/p>\n<p>14\/9 Vernissage med Caf\u00e9 Kramfors<\/p>\n<p>23\/11 F\u00f6retagsgala Dorotea<\/p>\n<p>30\/11 Vernissage med Caf\u00e9 Kramfors<\/p>\n<p>1\/12 Julaktiviteter p\u00e5 Kullerbacken<\/p>\n<p>2\/12-18\/12 Levande Julkalender f\u00f6r f\u00f6rskolebarn<\/p>\n<p><strong><em>SPELNINGAR 2018<\/em><\/strong><\/p>\n<p>6\/1\u00a0\u00a0\u00a0 \u00a0Dorotea\u00a0\u00a0\u00a0\u00a0\u00a0\u00a0\u00a0\u00a0\u00a0\u00a0\u00a0\u00a0\u00a0\u00a0\u00a0\u00a0\u00a0\u00a0\u00a0\u00a0\u00a0\u00a0\u00a0\u00a0\u00a0\u00a0\u00a0\u00a0\u00a0\u00a0\u00a0\u00a0 Speltr\u00e4ff med Visstuga (Bitten o Roland)<\/p>\n<p>22\/1\u00a0\u00a0 Dorotea\u00a0\u00a0\u00a0\u00a0\u00a0\u00a0\u00a0\u00a0\u00a0\u00a0\u00a0\u00a0\u00a0\u00a0\u00a0\u00a0\u00a0\u00a0\u00a0\u00a0\u00a0\u00a0\u00a0\u00a0\u00a0\u00a0\u00a0\u00a0\u00a0\u00a0\u00a0\u00a0 Tjopp och hennes v\u00e4nner<\/p>\n<p>23\/1\u00a0\u00a0 Dorotea\u00a0\u00a0\u00a0\u00a0\u00a0\u00a0\u00a0\u00a0\u00a0\u00a0\u00a0\u00a0\u00a0\u00a0\u00a0\u00a0\u00a0\u00a0\u00a0\u00a0\u00a0\u00a0\u00a0\u00a0\u00a0\u00a0\u00a0\u00a0\u00a0\u00a0\u00a0\u00a0 Tjopp och hennes v\u00e4nner (2 f\u00f6rest\u00e4llningar)<\/p>\n<p>3\/2\u00a0\u00a0\u00a0\u00a0 Dorotea\u00a0\u00a0\u00a0\u00a0\u00a0\u00a0\u00a0\u00a0\u00a0\u00a0\u00a0\u00a0\u00a0\u00a0\u00a0\u00a0\u00a0\u00a0\u00a0\u00a0\u00a0\u00a0\u00a0\u00a0\u00a0\u00a0\u00a0\u00a0\u00a0\u00a0\u00a0\u00a0 Vernissage med Caf\u00e9 Kramfors<\/p>\n<p>15\/3\u00a0\u00a0 PRO\u00a0V\u00e4sterbotten\u00a0\u00a0Lycksele\u00a0Vitterhistorier, s\u00e5ng och spelgl\u00e4dje<\/p>\n<p>25\/4\u00a0\u00a0 R\u00f6stag\u00e5rdens bygdeg\u00e5rd\u00a0\u00a0\u00a0\u00a0\u00a0\u00a0Vitterhistorier, s\u00e5ng och spelgl\u00e4dje<\/p>\n<p>26\/4\u00a0\u00a0 PRO Sel\u00e5nger\u00a0\u00a0\u00a0\u00a0\u00a0\u00a0\u00a0\u00a0\u00a0\u00a0\u00a0\u00a0\u00a0\u00a0\u00a0\u00a0\u00a0\u00a0\u00a0\u00a0\u00a0\u00a0\u00a0Vitterhistorier, s\u00e5ng och spelgl\u00e4dje<\/p>\n<p>27\/4\u00a0\u00a0 \u00c4lvros byalag\u00a0\u00a0\u00a0\u00a0\u00a0\u00a0\u00a0\u00a0\u00a0\u00a0\u00a0\u00a0\u00a0\u00a0\u00a0\u00a0\u00a0\u00a0\u00a0\u00a0\u00a0\u00a0\u00a0\u00a0 Nybyggarna Erik o Ester i lappskatteland<\/p>\n<p>5\/5\u00a0 \u00a0 \u00a0Dorotea\u00a0 \u00a0 \u00a0 \u00a0 \u00a0 \u00a0 \u00a0 \u00a0 \u00a0 \u00a0 \u00a0 \u00a0 \u00a0 \u00a0 \u00a0 \u00a0 \u00a0 Vernissage med Caf\u00e9 Kramfors<\/p>\n<p>18\/5\u00a0 \u00a0Borgafj\u00e4ll\u00a0 \u00a0 \u00a0 \u00a0 \u00a0 \u00a0 \u00a0 \u00a0 \u00a0 \u00a0 \u00a0 \u00a0 \u00a0 \u00a0 \u00a0 \u00a0 Tjopp och hennes v\u00e4nner<\/p>\n<p>22\/6\u00a0\u00a0Dorotea Hembygdsg\u00e5rd\u00a0\u00a0\u00a0\u00a0\u00a0\u00a0\u00a0\u00a0\u00a0 Midsommarfirande p\u00e5 Kullerbacken<\/p>\n<p>4\/8\u00a0 \u00a0Lajksj\u00f6 Intressef\u00f6rening\u00a0\u00a0\u00a0\u00a0\u00a0\u00a0\u00a0\u00a0\u00a0\u00a0 Nybyggarna Erik o Ester i lappskatteland<\/p>\n<p>15\/8 Inlandsbanefestivalen i Dorotea. 19.00 Hotell Dorotea<\/p>\n<p>13\/10 Vernissage med Caf\u00e9 Kramfors<\/p>\n<p>1\/12 Vernissage med Caf\u00e9 Kramfors<\/p>\n<p>2\/12 Julst\u00e4mning p\u00e5 Hembygdsg\u00e5rden, Kullerbacken med julgr\u00f6t, tunnbr\u00f6d&#8230;..<\/p>\n<p><em><strong>SPELNINGAR 2017<\/strong><\/em><\/p>\n<p>7\/1\u00a0\u00a0\u00a0 \u00a0Dorotea\u00a0\u00a0\u00a0\u00a0\u00a0\u00a0\u00a0\u00a0\u00a0\u00a0\u00a0\u00a0\u00a0\u00a0\u00a0\u00a0\u00a0\u00a0\u00a0\u00a0\u00a0\u00a0\u00a0\u00a0\u00a0\u00a0\u00a0\u00a0\u00a0\u00a0\u00a0\u00a0 Speltr\u00e4ff med Visstuga (Bitten o Roland)<\/p>\n<p>21\/1\u00a0\u00a0 Dorotea\u00a0\u00a0\u00a0\u00a0\u00a0\u00a0\u00a0\u00a0\u00a0\u00a0\u00a0\u00a0\u00a0\u00a0\u00a0\u00a0\u00a0\u00a0\u00a0\u00a0\u00a0\u00a0\u00a0\u00a0\u00a0\u00a0\u00a0\u00a0\u00a0\u00a0\u00a0\u00a0\u00a0Privat fest<\/p>\n<p>4\/2\u00a0\u00a0\u00a0\u00a0 Dorotea\u00a0\u00a0\u00a0\u00a0\u00a0\u00a0\u00a0\u00a0\u00a0\u00a0\u00a0\u00a0\u00a0\u00a0\u00a0\u00a0\u00a0\u00a0\u00a0\u00a0\u00a0\u00a0\u00a0\u00a0\u00a0\u00a0\u00a0\u00a0\u00a0\u00a0\u00a0\u00a0 Vernissage med Caf\u00e9 Kramfors<\/p>\n<p>4\/4\u00a0\u00a0\u00a0 \u00a0SPF Nolaskogs\u00a0\u00a0\u00a0\u00a0\u00a0\u00a0\u00a0\u00a0\u00a0\u00a0\u00a0\u00a0\u00a0\u00a0\u00a0\u00a0\u00a0\u00a0\u00a0\u00a0\u00a0&#8221;Nybyggarna Erik o Ester i lappskatteland&#8221;<\/p>\n<p>8\/4\u00a0\u00a0\u00a0 \u00a0H\u00e4ggd\u00e5ngers Bygdeg\u00e5rd\u00a0\u00a0\u00a0\u00a0\u00a0 &#8221;Vitterhistorier, S\u00e5ng och Spelgl\u00e4dje&#8221;<\/p>\n<p>26\/4\u00a0 \u00a0PRO Sel\u00e5nger\u00a0\u00a0\u00a0\u00a0\u00a0\u00a0\u00a0\u00a0\u00a0\u00a0\u00a0\u00a0\u00a0\u00a0\u00a0\u00a0\u00a0\u00a0\u00a0\u00a0\u00a0\u00a0\u00a0&#8221;Nybyggarna Erik o Ester i lappskatteland&#8221;<\/p>\n<p>6\/5\u00a0\u00a0\u00a0\u00a0 Junsele Kulturf\u00f6rening\u00a0\u00a0\u00a0\u00a0\u00a0\u00a0\u00a0\u00a0\u00a0\u00a0\u00a0&#8221;Vitterhistorier, S\u00e5ng och Spelgl\u00e4dje&#8221;<\/p>\n<p>2\/6\u00a0\u00a0\u00a0\u00a0 SPF \u00c4lven\u00a0\u00a0\u00a0\u00a0\u00a0\u00a0\u00a0\u00a0\u00a0\u00a0\u00a0\u00a0\u00a0\u00a0\u00a0\u00a0\u00a0\u00a0\u00a0\u00a0\u00a0\u00a0\u00a0\u00a0\u00a0\u00a0\u00a0\u00a0 \u00a0&#8221;Melodier vi minns&#8221;<\/p>\n<p>23\/6\u00a0\u00a0 Midsommar Kullerbacken\u00a0\u00a0\u00a0\u00a0\u00a0\u00a0Lekar, dans, kaffeservering<\/p>\n<p>27\/6\u00a0\u00a0 PRO Bure\u00e5\u00a0 \u00a0 \u00a0 \u00a0 \u00a0 \u00a0 \u00a0 \u00a0 \u00a0 \u00a0 \u00a0 \u00a0 \u00a0 \u00a0 \u00a0&#8221;Nybyggarna Erik o Ester i lappskatteland&#8221;<\/p>\n<p>17\/7\u00a0\u00a0 \u00c5sele marknad\u00a0\u00a0\u00a0\u00a0\u00a0\u00a0\u00a0\u00a0\u00a0\u00a0\u00a0\u00a0\u00a0\u00a0\u00a0\u00a0\u00a0\u00a0\u00a0\u00a0\u00a0\u00a0 Upptr\u00e4dande p\u00e5 Sagascenen<\/p>\n<p>30\/7\u00a0\u00a0 Karb\u00e4cken\u00a0\u00a0\u00a0\u00a0\u00a0\u00a0\u00a0\u00a0\u00a0\u00a0\u00a0\u00a0\u00a0\u00a0\u00a0\u00a0\u00a0\u00a0\u00a0\u00a0\u00a0\u00a0\u00a0\u00a0\u00a0\u00a0\u00a0\u00a0\u00a0 &#8221;Nybyggarna Erik o Ester i lappskatteland&#8221;<\/p>\n<p>12\/9\u00a0\u00a0 SPF Kontakt H\u00e4rn\u00f6sand\u00a0\u00a0\u00a0\u00a0\u00a0\u00a0\u00a0 &#8221;Vitterhistorier, S\u00e5ng och Spelgl\u00e4dje&#8221;<\/p>\n<p>20\/9\u00a0\u00a0 SKPF Avd 113 Sollefte\u00e5\u00a0\u00a0\u00a0\u00a0\u00a0\u00a0\u00a0\u00a0 &#8221;Vitterhistorier, S\u00e5ng och Spelgl\u00e4dje&#8221;<\/p>\n<p>18\/10 SPF R\u00f6d\u00f6n\u00a0\u00a0\u00a0\u00a0\u00a0\u00a0\u00a0\u00a0\u00a0\u00a0\u00a0\u00a0\u00a0\u00a0\u00a0\u00a0\u00a0\u00a0\u00a0\u00a0\u00a0\u00a0\u00a0\u00a0\u00a0\u00a0\u00a0\u00a0\u00a0&#8221;Melodier vi minns&#8221;<\/p>\n<p>21\/10 Svegs Bibliotek\u00a0\u00a0\u00a0\u00a0\u00a0\u00a0\u00a0\u00a0\u00a0\u00a0\u00a0\u00a0\u00a0\u00a0\u00a0\u00a0\u00a0\u00a0\u00a0\u00a0\u00a0\u00a0 &#8221;Vitterhistorier, s\u00e5ng och spelgl\u00e4dje&#8221;<\/p>\n<p>22\/10 SPF J\u00e4rvs\u00f6\u00a0\u00a0\u00a0\u00a0\u00a0\u00a0\u00a0\u00a0\u00a0\u00a0\u00a0\u00a0\u00a0\u00a0\u00a0\u00a0\u00a0\u00a0\u00a0\u00a0\u00a0\u00a0\u00a0\u00a0\u00a0\u00a0\u00a0\u00a0 &#8221;Melodier vi minns&#8221;<\/p>\n<p>10\/11 Graningeby\u00a0\u00a0\u00e4ldreomsorg\u00a0\u00a0\u00a0\u00a0\u00a0\u00a0\u00a0&#8221;Nybyggarna Erik och Ester i lappskatteland&#8221;<\/p>\n<p>11\/11 Graningeby\u00a0\u00a0barnl\u00f6rdag\u00a0\u00a0\u00a0\u00a0\u00a0\u00a0\u00a0\u00a0\u00a0\u00a0&#8221;Tjopp och hennes v\u00e4nner&#8221;<\/p>\n<p><em><strong>\u00a0<\/strong><\/em><\/p>\n<p><em><strong>SPELNINGAR 2016<\/strong><\/em><\/p>\n<p style=\"text-align: left;\">28\/1\u00a0\u00a0 Timr\u00e5 Riksteaterf\u00f6rening\u00a0\u00a0\u00a0\u00a0 &#8221;Vitterhistorier, s\u00e5ng och spelgl\u00e4dje&#8221;<\/p>\n<p>1\/2\u00a0\u00a0\u00a0\u00a0 Sveg\u00a0\u00a0\u00a0\u00a0\u00a0\u00a0\u00a0\u00a0\u00a0\u00a0\u00a0\u00a0\u00a0\u00a0\u00a0\u00a0\u00a0\u00a0\u00a0\u00a0\u00a0\u00a0\u00a0\u00a0\u00a0\u00a0\u00a0\u00a0\u00a0\u00a0\u00a0\u00a0\u00a0\u00a0\u00a0 &#8221;Tjopp och hennes v\u00e4nner&#8221;<\/p>\n<p>2\/2\u00a0\u00a0\u00a0\u00a0 Vemdalen\u00a0\u00a0\u00a0\u00a0\u00a0\u00a0\u00a0\u00a0\u00a0\u00a0\u00a0\u00a0\u00a0\u00a0\u00a0\u00a0\u00a0\u00a0\u00a0\u00a0\u00a0\u00a0\u00a0\u00a0\u00a0\u00a0\u00a0 &#8221;Tjopp och hennes v\u00e4nner&#8221;<\/p>\n<p>3\/2\u00a0\u00a0\u00a0\u00a0 Hede\u00a0\u00a0\u00a0\u00a0\u00a0\u00a0\u00a0\u00a0\u00a0\u00a0\u00a0\u00a0\u00a0\u00a0\u00a0\u00a0\u00a0\u00a0\u00a0\u00a0\u00a0\u00a0\u00a0\u00a0\u00a0\u00a0\u00a0\u00a0\u00a0\u00a0\u00a0\u00a0\u00a0\u00a0\u00a0 &#8221;Tjopp och hennes v\u00e4nner&#8221;<\/p>\n<p>4\/2\u00a0\u00a0\u00a0\u00a0 Fun\u00e4sdalen\u00a0\u00a0\u00a0\u00a0\u00a0\u00a0\u00a0\u00a0\u00a0\u00a0\u00a0\u00a0\u00a0\u00a0\u00a0\u00a0\u00a0\u00a0\u00a0\u00a0\u00a0\u00a0\u00a0\u00a0\u00a0 &#8221;Tjopp och hennes v\u00e4nner&#8221;<\/p>\n<p>6\/2\u00a0\u00a0\u00a0\u00a0 Dorotea\u00a0\u00a0\u00a0\u00a0\u00a0\u00a0\u00a0\u00a0\u00a0\u00a0\u00a0\u00a0\u00a0\u00a0\u00a0\u00a0\u00a0\u00a0\u00a0\u00a0\u00a0\u00a0\u00a0\u00a0\u00a0\u00a0\u00a0\u00a0\u00a0\u00a0\u00a0 &#8221;Tjopp och hennes v\u00e4nner&#8221; 2-6 \u00e5r<\/p>\n<p>6\/2\u00a0\u00a0\u00a0\u00a0 Dorotea\u00a0\u00a0\u00a0\u00a0\u00a0\u00a0\u00a0\u00a0\u00a0\u00a0\u00a0\u00a0\u00a0\u00a0\u00a0\u00a0\u00a0\u00a0\u00a0\u00a0\u00a0\u00a0\u00a0\u00a0\u00a0\u00a0\u00a0\u00a0\u00a0\u00a0\u00a0\u00a0\u00a0 Vernissage Konstf\u00f6reningen\u00a0och Caf\u00e9 Kramfors<\/p>\n<p>13\/2\u00a0\u00a0 \u00c4spn\u00e4s\u00a0\u00a0\u00a0\u00a0\u00a0\u00a0\u00a0\u00a0\u00a0\u00a0\u00a0\u00a0\u00a0\u00a0\u00a0\u00a0\u00a0\u00a0\u00a0\u00a0\u00a0\u00a0\u00a0\u00a0\u00a0\u00a0\u00a0\u00a0\u00a0\u00a0\u00a0\u00a0\u00a0\u00a0&#8221;Nybyggarna Erik och Ester i lappskatteland&#8221;<\/p>\n<p>19\/3\u00a0\u00a0 R\u00e4nn\u00f6\u00a0\u00a0\u00a0\u00a0\u00a0\u00a0\u00a0\u00a0\u00a0\u00a0\u00a0\u00a0\u00a0\u00a0\u00a0\u00a0\u00a0\u00a0\u00a0\u00a0\u00a0\u00a0\u00a0\u00a0\u00a0\u00a0\u00a0\u00a0\u00a0\u00a0\u00a0\u00a0\u00a0\u00a0\u00a0&#8221;Vitterhistorier, s\u00e5ng och spelgl\u00e4dje&#8221;<\/p>\n<p>24\/6\u00a0\u00a0\u00a0Dorotea\u00a0\u00a0\u00a0\u00a0\u00a0\u00a0\u00a0\u00a0\u00a0\u00a0\u00a0\u00a0\u00a0\u00a0\u00a0\u00a0\u00a0\u00a0\u00a0\u00a0\u00a0\u00a0\u00a0\u00a0\u00a0\u00a0\u00a0\u00a0\u00a0\u00a0\u00a0\u00a0 Midsommarfirande Kullerbacken<\/p>\n<p>3\/7\u00a0\u00a0\u00a0\u00a0\u00a0\u00a0\u00a0\u00a0\u00a0\u00a0\u00a0\u00a0\u00a0\u00a0\u00a0\u00a0\u00a0\u00a0\u00a0\u00a0\u00a0\u00a0\u00a0\u00a0\u00a0\u00a0\u00a0\u00a0\u00a0\u00a0\u00a0\u00a0\u00a0\u00a0\u00a0\u00a0\u00a0\u00a0\u00a0\u00a0\u00a0\u00a0\u00a0\u00a0\u00a0\u00a0\u00a0\u00a0\u00a0\u00a0 Privat 70 \u00e5rs fest<\/p>\n<p>16\/7\u00a0 L\u00e5ngsele-Graninge\u00a0\u00a0\u00a0\u00a0\u00a0\u00a0\u00a0\u00a0\u00a0\u00a0\u00a0\u00a0\u00a0\u00a0 &#8221;Vitterhistorier, s\u00e5ng och spelgl\u00e4dje&#8221;<\/p>\n<p>18\/7\u00a0 \u00c5sele Marknad\u00a0\u00a0\u00a0\u00a0\u00a0\u00a0\u00a0\u00a0\u00a0\u00a0\u00a0\u00a0\u00a0\u00a0\u00a0\u00a0\u00a0\u00a0\u00a0\u00a0\u00a0 Marknadsvisor<\/p>\n<p>13\/8\u00a0\u00a0\u00a0\u00a0\u00a0\u00a0\u00a0\u00a0\u00a0\u00a0\u00a0\u00a0\u00a0\u00a0\u00a0\u00a0\u00a0\u00a0\u00a0\u00a0\u00a0\u00a0\u00a0\u00a0\u00a0\u00a0\u00a0\u00a0\u00a0\u00a0\u00a0\u00a0\u00a0\u00a0\u00a0\u00a0\u00a0\u00a0\u00a0\u00a0\u00a0\u00a0\u00a0\u00a0\u00a0\u00a0\u00a0 Privat fest<\/p>\n<p>1\/10\u00a0 Dorotea\u00a0\u00a0\u00a0\u00a0\u00a0\u00a0\u00a0\u00a0\u00a0\u00a0\u00a0\u00a0\u00a0\u00a0\u00a0\u00a0\u00a0\u00a0\u00a0\u00a0\u00a0\u00a0\u00a0\u00a0\u00a0\u00a0\u00a0\u00a0\u00a0\u00a0\u00a0\u00a0 Vernissage Konstf\u00f6reningen och Caf\u00e9 Kramfors<\/p>\n<p>19\/10 SPF Seniorerna R\u00f6d\u00f6n\u00a0\u00a0\u00a0\u00a0\u00a0\u00a0\u00a0 &#8221; Vitterhistorier, s\u00e5ng och spelgl\u00e4dje&#8221;<\/p>\n<p>26\/11\u00a0 Dorotea\u00a0\u00a0\u00a0\u00a0\u00a0\u00a0\u00a0\u00a0\u00a0\u00a0\u00a0\u00a0\u00a0\u00a0\u00a0\u00a0\u00a0\u00a0\u00a0\u00a0\u00a0\u00a0\u00a0\u00a0\u00a0\u00a0\u00a0\u00a0\u00a0\u00a0\u00a0 Vernissage Konstf\u00f6reningen och Caf\u00e9 Kramfors<\/p>\n<p><strong>\u00a0\u00a0\u00a0\u00a0\u00a0\u00a0\u00a0\u00a0\u00a0\u00a0\u00a0\u00a0\u00a0\u00a0\u00a0\u00a0\u00a0\u00a0\u00a0\u00a0\u00a0\u00a0\u00a0\u00a0\u00a0\u00a0\u00a0\u00a0\u00a0\u00a0\u00a0\u00a0\u00a0\u00a0\u00a0\u00a0\u00a0\u00a0\u00a0\u00a0\u00a0\u00a0\u00a0\u00a0\u00a0<\/strong><strong>\u00a0<\/strong><strong>\u00a0\u00a0\u00a0\u00a0\u00a0\u00a0\u00a0\u00a0\u00a0\u00a0\u00a0\u00a0\u00a0\u00a0\u00a0\u00a0\u00a0\u00a0\u00a0\u00a0\u00a0\u00a0\u00a0\u00a0 <\/strong><\/p>\n<p><strong><em>SPELPLATSER 2015<\/em><\/strong><\/p>\n<p>20\/1\u00a0\u00a0\u00a0\u00a0\u00a0\u00a0\u00a0\u00a0\u00a0 SPF Kontakt H\u00e4rn\u00f6sand\u00a0\u00a0\u00a0\u00a0\u00a0\u00a0\u00a0\u00a0\u00a0\u00a0\u00a0\u00a0 &#8221;Melodier vi minns&#8221;<\/p>\n<p>7\/3\u00a0\u00a0\u00a0\u00a0\u00a0\u00a0\u00a0\u00a0\u00a0\u00a0\u00a0 Silsj\u00f6n\u00e4s bygdeg\u00e5rdsf\u00f6rening\u00a0\u00a0\u00a0\u00a0 &#8221;Vitterhistorier, s\u00e5ng och spelgl\u00e4dje&#8221;<\/p>\n<p>24\/3\u00a0\u00a0\u00a0\u00a0\u00a0\u00a0\u00a0\u00a0\u00a0 SPF\u00a0Vattudalen\u00a0\u00a0\u00a0\u00a0\u00a0\u00a0\u00a0\u00a0\u00a0\u00a0\u00a0\u00a0\u00a0\u00a0\u00a0\u00a0\u00a0\u00a0\u00a0\u00a0\u00a0\u00a0\u00a0\u00a0\u00a0\u00a0 &#8221;Vitterhistorier, s\u00e5ng och spelgl\u00e4dje&#8221;<\/p>\n<p>16\/4\u00a0\u00a0\u00a0\u00a0\u00a0\u00a0\u00a0\u00a0\u00a0 Arvidsjaur, Solbacken\u00a0\u00a0\u00a0\u00a0\u00a0\u00a0\u00a0\u00a0\u00a0\u00a0\u00a0\u00a0\u00a0\u00a0\u00a0\u00a0 &#8221;Melodier vi minns&#8221;<\/p>\n<p>17\/4\u00a0\u00a0\u00a0\u00a0\u00a0\u00a0\u00a0\u00a0\u00a0 Arvidsjaur, Ringelsta\u00a0\u00a0\u00a0\u00a0\u00a0\u00a0\u00a0\u00a0\u00a0\u00a0\u00a0\u00a0\u00a0\u00a0\u00a0\u00a0\u00a0\u00a0\u00a0&#8221;Melodier vi minns&#8221;<\/p>\n<p>24\/4\u00a0\u00a0\u00a0\u00a0\u00a0\u00a0\u00a0\u00a0\u00a0 Graningebyn, \u00e4ldreomsorgen\u00a0\u00a0\u00a0\u00a0\u00a0 &#8221;Vitterhistorier, s\u00e5ng och spelgl\u00e4dje&#8221;<\/p>\n<p>25\/4\u00a0\u00a0\u00a0\u00a0\u00a0\u00a0\u00a0\u00a0\u00a0 Graningebyn, barnl\u00f6rdag\u00a0\u00a0\u00a0\u00a0\u00a0\u00a0\u00a0\u00a0\u00a0\u00a0\u00a0\u00a0 &#8221;Tjopp och hennes v\u00e4nner&#8221;<\/p>\n<p>23\/5\u00a0\u00a0\u00a0\u00a0\u00a0\u00a0\u00a0\u00a0\u00a0 Galvens bygdeg\u00e5rd\u00a0\u00a0\u00a0\u00a0\u00a0\u00a0\u00a0\u00a0\u00a0\u00a0\u00a0\u00a0\u00a0\u00a0\u00a0\u00a0\u00a0\u00a0\u00a0\u00a0 &#8221;Melodier vi minns&#8221; alls\u00e5ng<\/p>\n<p>19\/6\u00a0\u00a0\u00a0\u00a0\u00a0\u00a0\u00a0\u00a0\u00a0 Midsommarfirande Kullerbacken Dorotea<\/p>\n<p>27\/6\u00a0\u00a0\u00a0\u00a0\u00a0\u00a0\u00a0\u00a0\u00a0 Lidens Hembygdsf\u00f6rening\u00a0\u00a0\u00a0\u00a0\u00a0\u00a0\u00a0\u00a0\u00a0 &#8221;Melodier vi minns&#8221; alls\u00e5ng<\/p>\n<p>21\/7\u00a0\u00a0\u00a0\u00a0\u00a0\u00a0\u00a0\u00a0\u00a0 Storn\u00e4set bygdeg\u00e5rdsf.\u00a0\u00a0\u00a0\u00a0\u00a0\u00a0\u00a0\u00a0\u00a0\u00a0\u00a0\u00a0\u00a0\u00a0 &#8221;Vitterhistorier, s\u00e5ng och spelgl\u00e4dje&#8221;<\/p>\n<p>10\/9\u00a0\u00a0\u00a0\u00a0\u00a0\u00a0\u00a0\u00a0\u00a0 SPF Robertsfors\u00a0\u00a0\u00a0\u00a0\u00a0\u00a0\u00a0\u00a0\u00a0\u00a0\u00a0\u00a0\u00a0\u00a0\u00a0\u00a0\u00a0\u00a0\u00a0\u00a0\u00a0\u00a0\u00a0\u00a0\u00a0 &#8221;Vitterhistorier, s\u00e5ng och spelgl\u00e4dje&#8221;<\/p>\n<p>14\/9\u00a0\u00a0\u00a0\u00a0\u00a0\u00a0\u00a0\u00a0\u00a0 Lillh\u00e4rdal, barnkultur\u00a0\u00a0\u00a0\u00a0\u00a0\u00a0\u00a0\u00a0\u00a0\u00a0\u00a0\u00a0\u00a0\u00a0\u00a0\u00a0\u00a0\u00a0\u00a0 &#8221;Tjopp och hennes v\u00e4nner&#8221;<\/p>\n<p>15\/9\u00a0\u00a0\u00a0\u00a0\u00a0\u00a0\u00a0\u00a0\u00a0 Sveg, barnkultur\u00a0\u00a0\u00a0\u00a0\u00a0\u00a0\u00a0\u00a0\u00a0\u00a0\u00a0\u00a0\u00a0\u00a0\u00a0\u00a0\u00a0\u00a0\u00a0\u00a0\u00a0\u00a0\u00a0\u00a0\u00a0\u00a0&#8221;Tjopp och hennes v\u00e4nner&#8221;<\/p>\n<p>16\/9\u00a0\u00a0\u00a0\u00a0\u00a0\u00a0\u00a0\u00a0\u00a0 Ytterhogdal, barnkultur\u00a0\u00a0\u00a0\u00a0\u00a0\u00a0\u00a0\u00a0\u00a0\u00a0\u00a0\u00a0\u00a0\u00a0\u00a0 &#8221;Tjopp och hennes v\u00e4nner&#8221;<\/p>\n<p>26\/10\u00a0\u00a0\u00a0\u00a0\u00a0\u00a0\u00a0 G\u00e4ddede, barnkultur\u00a0\u00a0\u00a0\u00a0\u00a0\u00a0\u00a0\u00a0\u00a0\u00a0\u00a0\u00a0\u00a0\u00a0\u00a0\u00a0\u00a0\u00a0 &#8221;Tjopp och hennes v\u00e4nner&#8221;<\/p>\n<p><strong>2014<\/strong><\/p>\n<ul>\n<li>\u00a0\u00a0\u00a0\u00a0\u00a0\u00a0\u00a0\u00a0\u00a0\u00a0 G\u00e4ddede<\/li>\n<li>\u00a0\u00a0\u00a0\u00a0\u00a0\u00a0\u00a0\u00a0\u00a0\u00a0\u00a0Hammerdal\u00a0\u00a0\u00a02 f\u00f6rest.<\/li>\n<li>\u00a0\u00a0\u00a0\u00a0\u00a0\u00a0\u00a0\u00a0\u00a0\u00a0\u00a0Hoting<\/li>\n<li>\u00a0\u00a0\u00a0\u00a0\u00a0\u00a0\u00a0\u00a0\u00a0\u00a0\u00a0Backe<\/li>\n<li>\u00a0\u00a0\u00a0\u00a0\u00a0\u00a0\u00a0\u00a0\u00a0\u00a0\u00a0Str\u00f6msund 3 f\u00f6rest.<\/li>\n<li>\u00a0\u00a0\u00a0\u00a0\u00a0\u00a0\u00a0\u00a0\u00a0\u00a0\u00a0 Privat fest<\/li>\n<li>\u00a0\u00a0\u00a0\u00a0\u00a0\u00a0\u00a0\u00a0\u00a0\u00a0\u00a0 Barkhyttan byag\u00e5rd<\/li>\n<li>\u00a0\u00a0\u00a0\u00a0\u00a0\u00a0\u00a0\u00a0\u00a0\u00a0\u00a0\u00a0\u00a0J\u00e4dra\u00e5s\u00a0\u00a0PRO<\/li>\n<li>\u00a0\u00a0\u00a0\u00a0\u00a0\u00a0\u00a0\u00a0\u00a0\u00a0\u00a0\u00a0 N\u00e4ske byf\u00f6rening<\/li>\n<li>\u00a0\u00a0\u00a0\u00a0\u00a0\u00a0\u00a0\u00a0\u00a0\u00a0\u00a0\u00a0\u00a0Sagofest<\/li>\n<li>\u00a0\u00a0\u00a0\u00a0\u00a0\u00a0\u00a0\u00a0\u00a0\u00a0\u00a0\u00a0\u00a0Midsommarfirande Kullerbacken<\/li>\n<li>\u00a0\u00a0\u00a0\u00a0\u00a0\u00a0\u00a0\u00a0\u00a0\u00a0\u00a0\u00a0\u00a0Kvarn\u00e5sen<\/li>\n<li>\u00a0\u00a0\u00a0\u00a0\u00a0\u00a0\u00a0\u00a0\u00a0\u00a0\u00a0\u00a0\u00a0Bjurholm<\/li>\n<li>\u00a0\u00a0\u00a0\u00a0\u00a0\u00a0\u00a0\u00a0\u00a0\u00a0\u00a0\u00a0\u00a0Bjurholm<\/li>\n<li>\u00a0\u00a0\u00a0\u00a0\u00a0\u00a0\u00a0\u00a0\u00a0\u00a0\u00a0\u00a0\u00a0Orrb\u00f6le<\/li>\n<li>\u00a0\u00a0\u00a0\u00a0\u00a0\u00a0\u00a0\u00a0\u00a0\u00a0\u00a0 \u00a0Arrangemang Doroteadagarna<\/li>\n<li>\u00a0\u00a0\u00a0\u00a0\u00a0\u00a0\u00a0\u00a0\u00a0\u00a0\u00a0\u00a0\u00a0L\u00e4nn\u00e4s Byskolef\u00f6rening<\/li>\n<\/ul>\n<h5><strong>2013<\/strong><\/h5>\n<ul>\n<li>Sollefte\u00e5\u00a0 SPRF Orren\u00a0\u00a0\u00a0\u00a0\u00a0\u00a0\u00a0\u00a0\u00a0\u00a0\u00a0\u00a0\u00a0\u00a0\u00a0 &#8221;Vitterhistorier, s\u00e5ng och spelgl\u00e4dje&#8221;<\/li>\n<li>Unders\u00e5ker\u00a0\u00a0\u00a0\u00a0\u00a0\u00a0\u00a0\u00a0\u00a0\u00a0\u00a0\u00a0\u00a0\u00a0\u00a0\u00a0\u00a0\u00a0\u00a0\u00a0\u00a0\u00a0\u00a0\u00a0\u00a0\u00a0\u00a0\u00a0\u00a0\u00a0\u00a0\u00a0 &#8221;Tjopp och hennes v\u00e4nner&#8221; (familjef\u00f6rest.)<\/li>\n<li>Midsommarfirande Kullerbacken Dorotea<\/li>\n<li>Alsen\u00a0\u00a0\u00a0\u00a0\u00a0\u00a0\u00a0\u00a0\u00a0\u00a0\u00a0\u00a0\u00a0\u00a0\u00a0\u00a0\u00a0\u00a0\u00a0\u00a0\u00a0\u00a0\u00a0\u00a0\u00a0\u00a0\u00a0\u00a0\u00a0\u00a0\u00a0\u00a0\u00a0\u00a0\u00a0\u00a0\u00a0\u00a0\u00a0\u00a0\u00a0\u00a0\u00a0&#8221;Melodier vi minns&#8221;<\/li>\n<li>Aktiviteter Dorotea \u00e5terv\u00e4ndardagar<\/li>\n<li>H\u00e4llesj\u00f6\u00a0\u00a0\u00a0\u00a0\u00a0\u00a0\u00a0\u00a0\u00a0\u00a0\u00a0\u00a0\u00a0\u00a0\u00a0\u00a0\u00a0\u00a0\u00a0\u00a0\u00a0\u00a0\u00a0\u00a0\u00a0\u00a0\u00a0\u00a0\u00a0\u00a0\u00a0\u00a0\u00a0\u00a0\u00a0\u00a0\u00a0\u00a0 &#8221;Vitterhistorier, s\u00e5ng och spelgl\u00e4dje&#8221;<\/li>\n<li>Gulsele\u00a0\u00a0\u00a0\u00a0\u00a0\u00a0\u00a0\u00a0\u00a0\u00a0\u00a0\u00a0\u00a0\u00a0\u00a0\u00a0\u00a0\u00a0\u00a0\u00a0\u00a0\u00a0\u00a0\u00a0\u00a0\u00a0\u00a0\u00a0\u00a0\u00a0\u00a0\u00a0\u00a0\u00a0\u00a0\u00a0\u00a0\u00a0\u00a0 &#8221;Nybyggarna Erik o Ester i lappskatteland&#8221;<\/li>\n<li>Sollefte\u00e5 \u00c5dalsbyn\u00a0\u00a0\u00a0\u00a0\u00a0\u00a0\u00a0\u00a0\u00a0\u00a0\u00a0\u00a0\u00a0\u00a0\u00a0\u00a0\u00a0\u00a0\u00a0\u00a0\u00a0 \u00a0&#8221;Vitterhistorier, s\u00e5ng och spelgl\u00e4dje&#8221;<\/li>\n<li>Selets Bygdeg\u00e5rd\u00a0\u00a0\u00a0\u00a0\u00a0\u00a0\u00a0\u00a0\u00a0\u00a0\u00a0\u00a0\u00a0\u00a0\u00a0\u00a0\u00a0\u00a0\u00a0\u00a0\u00a0\u00a0\u00a0\u00a0&#8221;Nybyggarna Erik o Ester i lappskatteland&#8221;<\/li>\n<li>\n<h5>Bjurholm\u00a0\u00a0\u00a0\u00a0\u00a0\u00a0\u00a0\u00a0\u00a0\u00a0\u00a0\u00a0\u00a0\u00a0\u00a0\u00a0\u00a0\u00a0\u00a0\u00a0\u00a0\u00a0\u00a0\u00a0\u00a0\u00a0\u00a0\u00a0\u00a0\u00a0\u00a0\u00a0\u00a0\u00a0\u00a0\u00a0\u00a0\u00a0\u00a0&#8221;Nybyggarna Erik o Ester i lappskatteland&#8221;<\/h5>\n<\/li>\n<li>\n<h5>Norsj\u00f6 bibliotek\u00a0\u00a0\u00a0\u00a0\u00a0\u00a0\u00a0\u00a0\u00a0\u00a0\u00a0\u00a0\u00a0\u00a0\u00a0\u00a0\u00a0\u00a0\u00a0\u00a0\u00a0\u00a0\u00a0\u00a0\u00a0\u00a0\u00a0\u00a0\u00a0&#8221;Tjopp och hennes v\u00e4nner&#8221;<\/h5>\n<\/li>\n<li>\n<h5>R\u00f6d\u00e5sel\u00a0\u00a0\u00a0\u00a0\u00a0\u00a0\u00a0\u00a0\u00a0\u00a0\u00a0\u00a0\u00a0\u00a0\u00a0\u00a0\u00a0\u00a0\u00a0\u00a0\u00a0\u00a0\u00a0\u00a0\u00a0\u00a0\u00a0\u00a0\u00a0\u00a0\u00a0\u00a0\u00a0\u00a0\u00a0\u00a0\u00a0\u00a0\u00a0\u00a0&#8221;Tjopp och hennes v\u00e4nner&#8221;<\/h5>\n<\/li>\n<\/ul>\n<p><strong>2012\u00a0\u00a0\u00a0 <\/strong><\/p>\n<ul>\n<li>S\u00f6rmj\u00f6le\u00a0\u00a0\u00a0\u00a0\u00a0\u00a0\u00a0\u00a0\u00a0\u00a0\u00a0\u00a0\u00a0 Tjopp och hennes v\u00e4nner<\/li>\n<li>Dorotea\u00a0\u00a0\u00a0\u00a0\u00a0\u00a0\u00a0\u00a0\u00a0\u00a0\u00a0\u00a0\u00a0\u00a0 Tjopp och hennes v\u00e4nner 2 f\u00f6res.<\/li>\n<li>Borgafj\u00e4ll\u00a0\u00a0\u00a0\u00a0\u00a0\u00a0\u00a0\u00a0\u00a0\u00a0\u00a0\u00a0 Tjopp och hennes v\u00e4nner<\/li>\n<li>Borgafj\u00e4ll\u00a0\u00a0\u00a0\u00a0\u00a0\u00a0\u00a0\u00a0\u00a0\u00a0\u00a0\u00a0\u00a0 Familjef\u00f6rest\u00e4llning<\/li>\n<li>Arjeplog\u00a0\u00a0\u00a0\u00a0\u00a0\u00a0\u00a0\u00a0\u00a0\u00a0\u00a0\u00a0\u00a0\u00a0 Tjopp och hennes v\u00e4nner 3 f\u00f6res<\/li>\n<li>Resele\u00a0\u00a0\u00a0\u00a0\u00a0\u00a0\u00a0\u00a0\u00a0\u00a0\u00a0\u00a0\u00a0\u00a0\u00a0 &#8221; Vitterhistorier, s\u00e5ng och spelgl\u00e4dje&#8221;<\/li>\n<li>\u00c5sele\u00a0\u00a0\u00a0\u00a0\u00a0\u00a0\u00a0\u00a0\u00a0\u00a0\u00a0\u00a0\u00a0\u00a0\u00a0 \u00a0&#8221; Vitterhistorier, s\u00e5ng och spelgl\u00e4dje&#8221;<\/li>\n<li>Nordmaling\u00a0\u00a0\u00a0\u00a0\u00a0\u00a0\u00a0\u00a0 &#8221; Vitterhistorier, s\u00e5ng och spelgl\u00e4dje&#8221;<\/li>\n<li>Midsommarfirande\u00a0\u00a0 Kullerbacken Dorotea<\/li>\n<li>Dorotea \u00e5terv\u00e4ndardagar<\/li>\n<li>G\u00e4ddede\u00a0\u00a0\u00a0\u00a0\u00a0\u00a0\u00a0\u00a0\u00a0\u00a0\u00a0 \u00a0&#8221;Nybyggarna Erik o Ester i lappskatteland&#8221;<\/li>\n<li>Gunnarn\u00a0\u00a0\u00a0\u00a0\u00a0\u00a0\u00a0\u00a0\u00a0\u00a0\u00a0\u00a0\u00a0 \u00a0&#8221;Melodier vi minns&#8221;\u00a0 alls\u00e5ng<\/li>\n<li>Bjurholm\u00a0\u00a0\u00a0\u00a0\u00a0\u00a0\u00a0\u00a0\u00a0\u00a0\u00a0\u00a0\u00a0&#8221;Nybyggarna Erik o Ester i lappskatteland&#8221;<\/li>\n<li>R\u00f6rstr\u00f6m\u00a0\u00a0\u00a0\u00a0\u00a0\u00a0\u00a0\u00a0\u00a0\u00a0\u00a0\u00a0\u00a0\u00a0&#8221;Nybyggarna Erik o Ester i lappskatteland&#8221;<\/li>\n<li>\u00a0Forsmark\u00a0\u00a0\u00a0\u00a0\u00a0\u00a0\u00a0\u00a0\u00a0\u00a0\u00a0\u00a0 &#8221;Vitterhistorier, s\u00e5ng och spelgl\u00e4dje&#8221;<\/li>\n<li>S\u00e5gt\u00e4kten\u00a0\u00a0\u00a0\u00a0\u00a0\u00a0\u00a0\u00a0\u00a0\u00a0\u00a0 &#8221; Melodier vi minns&#8221;\u00a0 alls\u00e5ng<\/li>\n<li>Fj\u00e4llbon\u00e4s\u00a0\u00a0\u00a0\u00a0\u00a0\u00a0\u00a0\u00a0\u00a0\u00a0 \u00a0&#8221; Melodier vi minns&#8221; alls\u00e5ng<\/li>\n<li>Arvidsjaur\u00a0\u00a0\u00a0\u00a0\u00a0\u00a0\u00a0\u00a0\u00a0\u00a0\u00a0 &#8221; Vitterhistorier, s\u00e5ng o spelgl\u00e4dje&#8221;<\/li>\n<li>Selet V\u00e4nn\u00e4s\u00a0\u00a0\u00a0\u00a0\u00a0 \u00a0&#8221; Folkk\u00e4ra visor och gamla skillingtryck&#8221;<\/li>\n<\/ul>\n<h6><\/h6>\n<h5>\u00a0\u00a0\u00a0\u00a0\u00a0\u00a0<strong>2011<\/strong><\/h5>\n<ul>\n<li>Bjurholm\u00a0\u00a0\u00a0\u00a0 Konstv\u00e4gen sju \u00e4lvar<\/li>\n<li>Dorotea\u00a0\u00a0\u00a0\u00a0 \u00a0Konstv\u00e4gen sju \u00e4lvar<\/li>\n<li>\u00c5sele\u00a0\u00a0\u00a0\u00a0\u00a0\u00a0\u00a0\u00a0 \u00a0Konstv\u00e4gen sju \u00e4lvar<\/li>\n<li>V\u00e4nn\u00e4s\u00a0\u00a0\u00a0\u00a0\u00a0 \u00a0Konstv\u00e4gen sju \u00e4lvar<\/li>\n<li>S\u00e4var\u00a0\u00a0\u00a0\u00a0\u00a0\u00a0\u00a0\u00a0\u00a0 barnkulturen<\/li>\n<li>T\u00e4fte\u00e5\u00a0\u00a0\u00a0\u00a0\u00a0\u00a0\u00a0\u00a0 barnkulturen<\/li>\n<li>Bullmark\u00a0\u00a0\u00a0\u00a0 barnkulturen<\/li>\n<li>Botsmark\u00a0\u00a0\u00a0 barnkulturen<\/li>\n<li>Holmsund\u00a0\u00a0 barnkulturen<\/li>\n<li>Bybergets Hembygdsf\u00f6rening<\/li>\n<li>Ume\u00e5 glashuset\u00a0 Konstv\u00e4gen sju \u00e4lvar<\/li>\n<li>Vilhelmina arbetar kommun<\/li>\n<li>Norsj\u00f6 Musik och Teaterf\u00f6rening<\/li>\n<li>Heiml\u00f6uta Hembygdsf\u00f6rening<\/li>\n<li>\u00c5sele Hembygdsf\u00f6rening\/Vuxenskolan<\/li>\n<li>J\u00e4rvsj\u00f6by Intressef\u00f6rening<\/li>\n<li>Midsommarfirande Kullerbacken Dorotea<\/li>\n<li>Fors Hembygdsf\u00f6rening\/Vuxenskolan<\/li>\n<li>Revsunds Hembygdsf\u00f6rening\/Vuxenskolan<\/li>\n<li>Lappudden Nordingr\u00e5<\/li>\n<li>Ull\u00e5nger Hembygdsf\u00f6rening<\/li>\n<li>Mal\u00e5 Teaterf\u00f6rening<\/li>\n<li>Styrn\u00e4s Hembygdsf\u00f6rening<\/li>\n<li>\u00c5sele-Fredrika lottak\u00e5r<\/li>\n<li>Tv\u00e4r\u00e5tr\u00e4sk Hembygdsf\u00f6rening<\/li>\n<\/ul>\n<p><strong>2010<\/strong><\/p>\n<ul>\n<li>\u00a0Sorsele (barnkulturen)<\/li>\n<li>Ammarn\u00e4s\u00a0 (barnkulturen)<\/li>\n<li>Blattnicksele\u00a0 (barnkulturen)<\/li>\n<li>Storuman\u00a0 (barnkulturen)<\/li>\n<li>Slussfors\u00a0 (barnkulturen)<\/li>\n<li>T\u00e4rnaby\u00a0 (barnkulturen)<\/li>\n<li>Bj\u00f6rklid Bygdeg\u00e5rd Messlingen<\/li>\n<li>S\u00e4var Musik och Teaterf\u00f6rening<\/li>\n<li>Midsommar Kullerbacken Dorotea<\/li>\n<li>Ammarn\u00e4sbygdens Hembygdsf\u00f6rening<\/li>\n<li>Anundsj\u00f6 hembygdsf\u00f6rening<\/li>\n<li>Haver\u00f6 Hembygdsf\u00f6rening<\/li>\n<li>Dorotea Hembygdsf\u00f6rening<\/li>\n<li>Avatr\u00e4sk Folkets Hus f\u00f6rening<\/li>\n<\/ul>\n<p><strong>2009<\/strong><\/p>\n<ul>\n<li>Dorotea Strandenskolan<\/li>\n<li>Lycksele\u00a0 (barnkulturen)<\/li>\n<li>Kubbe\/Norrfl\u00e4rke Bygdeg\u00e5rdsf\u00f6rening<\/li>\n<li>Heiml\u00f6uta Hembygdsf\u00f6rening<\/li>\n<li>Finnmarkens Bygdef\u00f6rening<\/li>\n<li>Hotel Nordica Dorotea<\/li>\n<li>Midsommar p\u00e5 Kullerbacken Dorotea<\/li>\n<li>Fors Hembygdsf\u00f6rening<\/li>\n<li>Nordmalings Hembygdsf\u00f6rening<\/li>\n<li>Fl\u00e4rke Bygdeg\u00e5rd<\/li>\n<li>Brunflo Hembygdsf\u00f6rening<\/li>\n<li>Nora Hembygdsf\u00f6rening<\/li>\n<li>S\u00e5nga-\u00d6verl\u00e4nnes Hembygdsf\u00f6rening<\/li>\n<li>Br\u00e4cke Hembygdsf\u00f6rening<\/li>\n<li>H\u00e4ggen\u00e5s Hembygdsf\u00f6rening<\/li>\n<li>Selets Hembygdsf\u00f6rening<\/li>\n<li>\u00d6sterf\u00e4rnebo Hembygdsf\u00f6rening\u00a0 (fam. f\u00f6rest\u00e4llning)<\/li>\n<\/ul>\n<p><strong>2008<\/strong><\/p>\n<ul>\n<li>Dorotea\u00a0 (barnkulturen)<\/li>\n<li>S\u00e4var\u00a0\u00a0 (barnkulturen)<\/li>\n<li>Lycksele\u00a0\u00a0 (barnkulturen)<\/li>\n<li>Arjeplog\u00a0\u00a0 (barnkulturen)<\/li>\n<li>Arvidsjaur\u00a0\u00a0 (barnkulturen)<\/li>\n<li>Boden\u00a0\u00a0 (barnkulturen)<\/li>\n<li>Dorotea\u00a0\u00a0 (barnkulturen)<\/li>\n<li>Arvidsjaurs Teaterf\u00f6rening<\/li>\n<li>Arjeplog Kultur och Fritid<\/li>\n<li>Arjeplogs Riksteaterf\u00f6rening<\/li>\n<li>R\u00f6rstr\u00f6ms Hembygdsf\u00f6rening<\/li>\n<li>Umbygda Hembygdsf\u00f6rening<\/li>\n<li>Midsommar p\u00e5 Kullerbacken Dorotea<\/li>\n<li>Grundsunda Hembygdsf\u00f6rening<\/li>\n<li>Ramsj\u00f6 Hembygdsf\u00f6rening<\/li>\n<li>Kl\u00f6vsj\u00f6 Hembygdsf\u00f6rening<\/li>\n<li>Kall Hembygdsf\u00f6rening<\/li>\n<li>S\u00e5nga-\u00d6verl\u00e4nnes Hembygdsf\u00f6rening<\/li>\n<li>Spr\u00e5ngbrog\u00e5rden \u00c5nge<\/li>\n<li>Borgsj\u00f6 Hembygdsf\u00f6rening<\/li>\n<li>Holms Hembygdsf\u00f6rening<\/li>\n<li>H\u00e4ggen\u00e5s Hembygdsf\u00f6rening<\/li>\n<li>Vuxenskolan Vilhelmina<\/li>\n<li>Selets Hembygdsf\u00f6rening<\/li>\n<li>Dorotea Hembygdsf\u00f6rening<\/li>\n<li>Bergvatteng\u00e5rden Dorotea<\/li>\n<li>Kvarnb\u00e4ckens sjukhem Dorotea<\/li>\n<\/ul>\n<p><strong>2007<\/strong><\/p>\n<ul>\n<li>Midsommar Kullerbacken Dorotea<\/li>\n<li>Raft\u00e4lvens Byalag<\/li>\n<li>Holms Hembygdsf\u00f6rening<\/li>\n<li>Stor K\u00e5ge Hembygdsf\u00f6rening<\/li>\n<li>Mattmars Hembygdsf\u00f6rening<\/li>\n<li>Sollefte\u00e5 Hembygdsf\u00f6rening<\/li>\n<li>Dorotea Hembygdsf\u00f6rening<\/li>\n<li>Hammerdals Hembygdsf\u00f6rening<\/li>\n<li>Skorpeds Hembygdsf\u00f6rening<\/li>\n<li>70.\u00e5rs kalas Dorotea<\/li>\n<li>Bergvatteng\u00e5rden Dorotea<\/li>\n<li>Kvarnb\u00e4ckens sjukhem Dorotea<\/li>\n<\/ul>\n<p><strong>2006<\/strong><\/p>\n<ul>\n<li>Sidensj\u00f6 Bygdeg\u00e5rd<\/li>\n<li>Teaterf\u00f6reningen i N\u00e4s\u00e5ker<\/li>\n<li>V\u00e4stan\u00e5 Skol och Bygdeg\u00e5rdsf\u00f6rening<\/li>\n<li>Skorpeds Hembygdsf\u00f6rening<\/li>\n<li>Lillvikens Bygdeg\u00e5rdsf\u00f6rening<\/li>\n<li>Midsommar Kullerbacken Dorotea<\/li>\n<li>Ankarede Kyrka<\/li>\n<li>Bodsj\u00f6 Hembygdsf\u00f6rening<\/li>\n<li>Dorotea Hembygdsf\u00f6rening<\/li>\n<li>Bure\u00e5 Hembygdsf\u00f6rening<\/li>\n<li>Norsj\u00f6bygdens Hembygdsf\u00f6rening<\/li>\n<li>Havsn\u00e4s Bygdef\u00f6rening<\/li>\n<li>R\u00e4nn\u00f6 Bygdeg\u00e5rdsf\u00f6rening<\/li>\n<li>\u00d6rtr\u00e4sk Hembygdsf\u00f6rening<\/li>\n<li>Brunflo Hembygdsf\u00f6rening<\/li>\n<li>Backe Publikf\u00f6rening\/Kulturknuten<\/li>\n<li>Bj\u00e4rtr\u00e5 Hembygdsf\u00f6rening<\/li>\n<li>Renholmens Byaf\u00f6rening<\/li>\n<li>Hammerdals Hembygdsf\u00f6rening<\/li>\n<li>Str\u00f6msunds Hembygdsf\u00f6rening<\/li>\n<li>S\u00e5nga-\u00d6verl\u00e4nnes Hembygdsf\u00f6rening<\/li>\n<li>Sj\u00e4levads Hembygdsf\u00f6rening<\/li>\n<li>Lappuddens Ekonomiska f\u00f6rening Nordingr\u00e5<\/li>\n<li>Torps Hembygdsf\u00f6rening<\/li>\n<li>Svegs Hembygdsf\u00f6rening<\/li>\n<li>Vindelns Hembygdsf\u00f6rening<\/li>\n<\/ul>\n<p><strong>2005<\/strong><\/p>\n<ul>\n<li>Medborgarhuset Dorotea<\/li>\n<li>Lidens Hembygdsf\u00f6rening<\/li>\n<li>Tors\u00e5kers Hembygdsf\u00f6rening\/Styresholmsspelen<\/li>\n<li>Midsommar p\u00e5 Kullerbacken Dorotea<\/li>\n<li>Ramsele Publikteaterf\u00f6rening<\/li>\n<li>Bjurholms Hembygdsf\u00f6rening<\/li>\n<li>Dorotea Hembygdsf\u00f6rening<\/li>\n<li>Bodum Hembygdsf\u00f6rening<\/li>\n<li>Vibygger\u00e5 Hembygdsf\u00f6rening<\/li>\n<li>Junsele Hembygdsf\u00f6rening<\/li>\n<li>Grundsunda hembygdsf\u00f6rening<\/li>\n<li>Renholmens Byaf\u00f6rening<\/li>\n<li>Aspe\u00e5 Hembygdsf\u00f6rening<\/li>\n<li>Anundsj\u00f6 Hembygdsf\u00f6rening<\/li>\n<li>N\u00e4vertj\u00e4ls Hembygdsf\u00f6rening<\/li>\n<li>Str\u00f6msunds Hembygdsf\u00f6rening<\/li>\n<li>R\u00e4nn\u00f6 Bygdeg\u00e5rdsf\u00f6rening<\/li>\n<li>Rusksele Bygdeg\u00e5rdsf\u00f6rening<\/li>\n<li>Bergvatteng\u00e5rden Dorotea<\/li>\n<li>Biblioteket Dorotea<\/li>\n<\/ul>\n<p><strong>2004 och tidigare<\/strong><\/p>\n<ul>\n<li>Bodums Hembygdsf\u00f6rening<\/li>\n<li>J\u00e4rvsj\u00f6by Intressef\u00f6rening<\/li>\n<li>Lidens Hembygdsf\u00f6rening<\/li>\n<li>Midsommar p\u00e5 Kullerbacken Dorotea<\/li>\n<li>Svanaby Intressef\u00f6rening<\/li>\n<li>Aspe\u00e5 Hembygdsf\u00f6rening<\/li>\n<li>Lavsj\u00f6 LISS<\/li>\n<li>Gide\u00e5 Hembygdsf\u00f6rening<\/li>\n<li>L\u00f6v\u00e5ngers Hembygdsf\u00f6rening<\/li>\n<li>Treh\u00f6rningsj\u00f6 Hembygdsf\u00f6rening Linatorpet<\/li>\n<li>H\u00f6gsj\u00f6 Hembygdsf\u00f6rening<\/li>\n<li>Ullbergstr\u00e4sk Hembygdsf\u00f6rening<\/li>\n<li>Tallmon i Vilhelmina<\/li>\n<li>Dorotea Hembygdsf\u00f6rening<\/li>\n<li>Borgsj\u00f6 Hembygdsf\u00f6rening \u00c5sele<\/li>\n<li>Bergbodarna i Dorotea<\/li>\n<li>Bergvatteng\u00e5rden dorotea<\/li>\n<li>Borgsj\u00f6 Hembygdsf\u00f6rening \u00c5nge<\/li>\n<li>\u00d6sternoret \u00c5sele<\/li>\n<li>Avatr\u00e4sk FH<\/li>\n<li>T\u00e5sj\u00f6 Hembygdsf\u00f6rening<\/li>\n<li>Borgafj\u00e4ll Intressef\u00f6rening<\/li>\n<li>Risb\u00e4cks Skola<\/li>\n<li>H\u00f6glands FH<\/li>\n<li>Svanaby Idrottshall<\/li>\n<li>Ormsj\u00f6 FH<\/li>\n<li>Rajastrands Intressef\u00f6rening<\/li>\n<li>Lajksj\u00f6 FH<\/li>\n<li>N\u00e4stansj\u00f6<\/li>\n<li>Ersboda FH<\/li>\n<li>Holmsund<\/li>\n<li>Rundviksg\u00e5rden<\/li>\n<li>Bred\u00e4ngsskolan Str\u00f6msund<\/li>\n<li>Jamtli \u00d6stersund<\/li>\n<li>Hedemora Teaterfestival<\/li>\n<li>Leksands Bibliotek<\/li>\n<li>Karlskoga Teaterfestival<\/li>\n<li>Nallem\u00e4ssan Malm\u00f6<\/li>\n<li>Freinetskolan Lund<\/li>\n<li>K\u00e4llbo Lund<\/li>\n<li>Noliam\u00e4ssan i Ume\u00e5<\/li>\n<li>Gammplatsen Lycksele<\/li>\n<li>Sorsele<\/li>\n<li>N\u00e4sets skola \u00c5nge<\/li>\n<li>Hermanbodabacke \u00c5nge<\/li>\n<li>Hammerdal<\/li>\n<li>Str\u00f6msund<\/li>\n<li>Backe<\/li>\n<li>Ross\u00f6n<\/li>\n<li>Kyrkt\u00e5sj\u00f6<\/li>\n<li>Norr\u00e5ker<\/li>\n<li>Hoting<\/li>\n<\/ul>\n<h1 style=\"text-align: left;\"><strong>\u00a0\u00a0\u00a0\u00a0\u00a0\u00a0\u00a0\u00a0 <\/strong><\/h1>\n","protected":false},"excerpt":{"rendered":"<p>SPELNINGAR 2025 7\/6 Vindelns V\u00e5rmarknad &#8221;Minitivoli&#8221; 28\/6 Asp\u00e5s byalag &#8221;Minitivoli&#8221; \u00a0SPELNINGAR 2024 1\/6\u00a0 Vindelns V\u00e5rmarknad\u00a0 \u00a0 \u00a0\u201dMinitivoli\u201d 16\/6\u00a0 Asp\u00e5s byalag\u00a0 \u00a0 \u00a0 \u00a0\u201dMinitivoli\u201d 25\/6\u00a0 Svegs Hembygdsf\u00f6rening\u00a0 \u00a0 \u201dMinitivoli\u201d 15\/8\u00a0 Mal\u00e5 Hembygdsf\u00f6rening\u00a0 \u00a0 \u00a0 \u00a0 \u00a0 \u201dMinitivoli\u201d 17\/8\u00a0 Pettsson och Findus &hellip; <a href=\"http:\/\/hastskoteatern.se\/?page_id=253\">L\u00e4s mer <span class=\"meta-nav\">&rarr;<\/span><\/a><\/p>\n","protected":false},"author":1,"featured_media":0,"parent":203,"menu_order":0,"comment_status":"open","ping_status":"open","template":"","meta":[],"_links":{"self":[{"href":"http:\/\/hastskoteatern.se\/index.php?rest_route=\/wp\/v2\/pages\/253"}],"collection":[{"href":"http:\/\/hastskoteatern.se\/index.php?rest_route=\/wp\/v2\/pages"}],"about":[{"href":"http:\/\/hastskoteatern.se\/index.php?rest_route=\/wp\/v2\/types\/page"}],"author":[{"embeddable":true,"href":"http:\/\/hastskoteatern.se\/index.php?rest_route=\/wp\/v2\/users\/1"}],"replies":[{"embeddable":true,"href":"http:\/\/hastskoteatern.se\/index.php?rest_route=%2Fwp%2Fv2%2Fcomments&post=253"}],"version-history":[{"count":201,"href":"http:\/\/hastskoteatern.se\/index.php?rest_route=\/wp\/v2\/pages\/253\/revisions"}],"predecessor-version":[{"id":3377,"href":"http:\/\/hastskoteatern.se\/index.php?rest_route=\/wp\/v2\/pages\/253\/revisions\/3377"}],"up":[{"embeddable":true,"href":"http:\/\/hastskoteatern.se\/index.php?rest_route=\/wp\/v2\/pages\/203"}],"wp:attachment":[{"href":"http:\/\/hastskoteatern.se\/index.php?rest_route=%2Fwp%2Fv2%2Fmedia&parent=253"}],"curies":[{"name":"wp","href":"https:\/\/api.w.org\/{rel}","templated":true}]}}